{"id":6159,"date":"2021-10-25T14:58:31","date_gmt":"2021-10-25T12:58:31","guid":{"rendered":"https:\/\/grafen.com\/produkty\/ekspresy-do-kawy\/"},"modified":"2023-12-08T06:45:39","modified_gmt":"2023-12-08T05:45:39","slug":"aparate-pentru-cafea","status":"publish","type":"page","link":"https:\/\/grafen.com\/ro\/produse\/aparate-pentru-cafea\/","title":{"rendered":"Aparate de cafea"},"content":{"rendered":"\n    <section class=\"block-section-header section-bg-color-white\">\n        <div class=\"wrapper\">\n                            <div class=\"logo\"><img decoding=\"async\" src=\"https:\/\/grafen.com\/wp-content\/uploads\/2021\/12\/Verona_do_www-1.jpg\" alt=\"Logo sekcji\"><\/div>\n            \n            <div class=\"content\">\n                <div class=\"left\"><h2><p>Espressoare profesionale concepute de profesioni\u0219ti pentru profesioni\u0219ti<\/p>\n<\/h2><\/div>\n                <div class=\"right\"><p>Designerii \u0219i proiectan\u021bii no\u0219tri lucreaz\u0103 din greu pentru a combina func\u021bionalitatea, performan\u021ba ridicat\u0103 \u0219i design-ul atractiv.<\/p>\n<\/div>\n            <\/div>\n        <\/div>\n    <\/section>\n\n\n\n\n<section class=\"block-checker section-bg-color-white\">\n    <div class=\"wrapper\">\n        <div class=\"wrapper-narrow\">\n                            <div class=\"row\">\n                    <figure>\n                        <img decoding=\"async\" src=\"https:\/\/grafen.com\/wp-content\/uploads\/2022\/10\/207581-2_Grafen2020-scaled-1-1024x757.jpg\" alt=\"\">\n                    <\/figure>\n                    <div>\n                        <h2><strong><span class=\"TextRun SCXW32943692 BCX0\" lang=\"PL-PL\" xml:lang=\"PL-PL\" data-contrast=\"auto\"><span class=\"NormalTextRun SCXW32943692 BCX0\" data-ccp-parastyle=\"No Spacing\">Espressoare automate VERONA cu 1 \u0219i 2 grupuri<\/span><\/span><\/strong><\/h2>\n<p>&nbsp;<\/p>\n<p>Aparatele de cafea Romeo \u0219i Julia sunt aparate profesionale \u0219i versatile. Romeo \u0219i Julia se completeaz\u0103 perfect unul pe cel\u0103lalt. Construite cu componente \u0219i materiale de \u00eenalt\u0103 calitate care se remarc\u0103 prin durabilitate.<\/p>\n<div class=\"button-wrapper\"><a href=\"https:\/\/catalogue.hendi.eu\/hendi-ro\/catalogue-2023\/grafen-20232024\/?page=734\" class=\"button\" target=\"_blank\"> Vezi catalogul<\/a><\/div>                    <\/div>\n                <\/div>\n                            <div class=\"row\">\n                    <figure>\n                        <img decoding=\"async\" src=\"https:\/\/grafen.com\/wp-content\/uploads\/2022\/10\/207581_Grafen2020-scaled-1-1024x671.jpg\" alt=\"\">\n                    <\/figure>\n                    <div>\n                        <h2><strong>Calitate constant\u0103<\/strong><\/h2>\n<p>&nbsp;<\/p>\n<p>Mecanism \u00eencorporat pentru a garanta calitatea constant\u0103 a cafelelor servite<\/p>\n                    <\/div>\n                <\/div>\n                            <div class=\"row\">\n                    <figure>\n                        <img decoding=\"async\" src=\"https:\/\/grafen.com\/wp-content\/uploads\/2022\/10\/207659_Grafen2020-scaled-1-1024x803.jpg\" alt=\"\">\n                    <\/figure>\n                    <div>\n                        <h2><strong>Panou de control<\/strong><\/h2>\n<p>&nbsp;<\/p>\n<p>Grupurile individuale pot fi controlate independent cu ajutorul unor panouri de control u\u0219or de utilizat, rezistente la uzur\u0103 \u0219i iluminate.<\/p>\n                    <\/div>\n                <\/div>\n                    <\/div>\n    <\/div>\n<\/section>\n\n\n\n\n    <section class=\"block-accordion js-toggle-active section-bg-color-white\">\n        <div class=\"wrapper\">\n            <div class=\"block-accordion-subjects-container\">\n                                    <header><p><strong>Model Verona<\/strong><\/p>\n<\/header>\n                \n                <div class=\"block-accordion-subjects-list\">\n                                            <a href=\"#0\" class=\"click-element active\">01<span class=\"sep\"><\/span>Model Romeo<\/a>\n                                            <a href=\"#0\" class=\"click-element \">02<span class=\"sep\"><\/span>Espressor Julia<\/a>\n                                    <\/div>\n            <\/div>\n\n            <div class=\"block-accordion-contents\">\n                                    <div class=\"target-element content-container active\"><p>&nbsp;<\/p>\n<p>&nbsp;<\/p>\n<p>&nbsp;<\/p>\n<p>dispune de un design compact cu o construc\u021bie din o\u021bel inoxidabil, este robust \u0219i fiabil. Va func\u021biona bine \u00een puncte mici de vanzare sau chiar acas\u0103.<\/p>\n<\/div>\n                                    <div class=\"target-element content-container \"><p>&nbsp;<\/p>\n<p>&nbsp;<\/p>\n<p>&nbsp;<\/p>\n<p>ofer\u0103 un espresso excelent, este u\u0219or de utilizat \u0219i extrem de eficient.<\/p>\n<\/div>\n                            <\/div>\n        <\/div>\n    <\/section>\n\n\n\n\n    <section class=\"block-section-header section-bg-color-gray\">\n        <div class=\"wrapper\">\n                            <div class=\"logo\"><img decoding=\"async\" src=\"https:\/\/grafen.com\/wp-content\/uploads\/2021\/12\/Fiamma-logo-male.png\" alt=\"Logo sekcji\"><\/div>\n            \n            <div class=\"content\">\n                <div class=\"left\"><h2><p>Fuziune \u00eentre tradi\u021bie \u0219i inova\u021bie<\/p>\n<\/h2><\/div>\n                <div class=\"right\"><p>Fiamma este un brand portughez cu o istorie bogat\u0103. Acesta combin\u0103 tradi\u021biile cu c\u0103utarea constant\u0103 a perfec\u021biunii. Fiamma este cuv\u00e2ntul italian pentru flac\u0103r\u0103, referindu-se la pasiunea pentru cafea care \u00eei inspir\u0103 pe exper\u021bii \u0219i designerii de la Fiamma, pe care o reflect\u0103 \u00een modelele lor. La fel ca faimo\u0219ii exploratori portughezi, produc\u0103torul dore\u0219te s\u0103 cucereasc\u0103 noi orizonturi, s\u0103 \u00eenve\u021be \u0219i s\u0103 se dezvolte \u00eempreun\u0103 cu utilizatorii, clien\u021bii \u0219i partenerii. Aparatele de cafea espresso Fiamma sunt prezente \u00een \u00eentreaga lume, de la Seattle la Sydney, ajung\u00e2nd \u00een peste 70 de \u021b\u0103ri de pe 5 continente.<\/p>\n<\/div>\n            <\/div>\n        <\/div>\n    <\/section>\n\n\n\n\n<section class=\"block-checker section-bg-color-gray\">\n    <div class=\"wrapper\">\n        <div class=\"wrapper-narrow\">\n                            <div class=\"row\">\n                    <figure>\n                        <img decoding=\"async\" src=\"https:\/\/grafen.com\/wp-content\/uploads\/2021\/12\/1.jpg\" alt=\"\">\n                    <\/figure>\n                    <div>\n                        <h2><strong>Espressor COMPASS multiboiler cu 2 grupuri<\/strong><\/h2>\n<ul>\n<li>Construit cu componente \u0219i materiale de \u00eenalt\u0103 calitate care se remarc\u0103 prin durabilitate \u0219i performan\u021b\u0103<\/li>\n<\/ul>\n<div class=\"button-wrapper\"><a href=\"https:\/\/catalogue.hendi.eu\/hendi-ro\/catalogue-2023\/grafen-20232024\/?page=732\" class=\"button\" target=\"_blank\"> Vezi catalogul<\/a><\/div>                    <\/div>\n                <\/div>\n                            <div class=\"row\">\n                    <figure>\n                        <img decoding=\"async\" src=\"https:\/\/grafen.com\/wp-content\/uploads\/2021\/12\/2.jpg\" alt=\"\">\n                    <\/figure>\n                    <div>\n                        <ul>\n<li>Aceasta permite adaptarea parametrilor de producere a cafelei la caracteristicile \u0219i cerin\u021bele specifice ale boabelor \u0219i amestecurilor originale.<\/li>\n<li>Butoanele ergonomice \u0219i maneta pentru abur asigur\u0103 o utilizare confortabil\u0103, \u00een timp ce duzele de abur izolate previn arsurile.<\/li>\n<\/ul>\n                    <\/div>\n                <\/div>\n                            <div class=\"row\">\n                    <figure>\n                        <img decoding=\"async\" src=\"https:\/\/grafen.com\/wp-content\/uploads\/2021\/12\/207482_2_Grafen2020-1024x794.jpg\" alt=\"\">\n                    <\/figure>\n                    <div>\n                        <ul>\n<li>Masina dispune de boilere separate pentru fiecare grup \u0219i un boiler suplimentar pentru producerea de abur \u0219i apa cald\u0103.<\/li>\n<li>Toate boilerele sunt izolate<\/li>\n<\/ul>\n                    <\/div>\n                <\/div>\n                            <div class=\"row\">\n                    <figure>\n                        <img decoding=\"async\" src=\"https:\/\/grafen.com\/wp-content\/uploads\/2021\/12\/207482_Grafen2020-1024x775.jpg\" alt=\"\">\n                    <\/figure>\n                    <div>\n                        <ul>\n<li>Parametrii de extractie a cafelei controla\u021bi de pe afi\u0219aj. \u00cen plus, pe ecran este disponibil un ghid grafic de extrac\u021bie a cafelei.<\/li>\n<\/ul>\n                    <\/div>\n                <\/div>\n                    <\/div>\n    <\/div>\n<\/section>\n\n\n\n\n    <section class=\"block-section-header section-bg-color-black\">\n        <div class=\"wrapper\">\n                            <div class=\"logo\"><img decoding=\"async\" src=\"https:\/\/grafen.com\/wp-content\/uploads\/2021\/12\/wega-male-1.png\" alt=\"Logo sekcji\"><\/div>\n            \n            <div class=\"content\">\n                <div class=\"left\"><h2><p>Tradi\u021bia italian\u0103 combinat\u0103 cu tehnologia modern\u0103 pentru un rezultat final perfect &#8211; \u00een fiecare cea\u0219c\u0103 de cafea<\/p>\n<\/h2><\/div>\n                <div class=\"right\"><p>WEGA este o marc\u0103 italian\u0103 tradi\u021bional\u0103 de ma\u0219ini de cafea profesionale dedicate barmanilor. Deja \u00een peste 130 de \u021b\u0103ri de pe 6 continente, barista profesioni\u0219ti r\u0103sp\u00e2ndesc cultura cafelei cu ajutorul aparatelor de cafea WEGA, care de 20 de ani combin\u0103 tehnologia de ultim\u0103 genera\u021bie cu un design original \u0219i estetic. Produsele WEGA sunt create de la zero \u00een una dintre cele mai moderne fabrici din industrie, situat\u0103 \u00een Treviso, Italia. Toate materialele utilizate \u00een construc\u021bia ma\u0219inilor de espresso provin numai de la furnizori europeni selecta\u021bi. Din gama extins\u0103 de exper\u021bi WEGA, am selectat modele electronice cu 2 grupuri pentru a satisface o serie de nevoi ale utilizatorilor. Gama este completat\u0103 de un model compact care, \u00een ciuda dimensiunilor sale mai mici, nu face compromisuri \u00een ceea ce prive\u0219te func\u021bionalitatea \u0219i nu difer\u0103 de versiunea standard.<\/p>\n<\/div>\n            <\/div>\n        <\/div>\n    <\/section>\n\n\n\n\n<section class=\"block-tabs js-toggle-active section-bg-color-black\">\n    <div class=\"wrapper\">\n        <div class=\"tabs-headings\">\n                            <a href=\"#0\" class=\"click-element active\">\n                    <h5>Espressoare de cafea IO<\/h5>\n                    <p><\/p>\n                <\/a>\n                            <a href=\"#0\" class=\"click-element \">\n                    <h5>POLARIS<\/h5>\n                    <p><\/p>\n                <\/a>\n                            <a href=\"#0\" class=\"click-element \">\n                    <h5>VELA VINTAGE<\/h5>\n                    <p><\/p>\n                <\/a>\n                            <a href=\"#0\" class=\"click-element \">\n                    <h5>MY CONCEPT<\/h5>\n                    <p><\/p>\n                <\/a>\n                            <a href=\"#0\" class=\"click-element \">\n                    <h5>PEGASO<\/h5>\n                    <p><\/p>\n                <\/a>\n                    <\/div>\n        <div class=\"tabs-content\">\n                            <div class=\"single-tab target-element active\">\n                    <div>\n                        <p>&nbsp;<\/p>\n<p>Familia de aparate de cafea IO este caracterizat\u0103 de o combina\u021bie \u00eentre designul original al anilor &#8217;70 \u0219i tehnologia modern\u0103. Cu toate acestea, IO nu se rezum\u0103 doar la aspect \u0219i tehnologie &#8211; reprezint\u0103 o \u00eentreag\u0103 gam\u0103 de solu\u021bii concepute pentru a face munca utilizatorului c\u00e2t mai u\u0219oar\u0103 \u0219i mai pl\u0103cut\u0103. Echipamentul standard include un grup \u00eenalt, un blat de lucru iluminat \u0219i un \u00eenc\u0103lzitor electric de pahare.<\/p>\n<div id='gallery-1' class='gallery galleryid-6159 gallery-columns-4 gallery-size-medium'><figure class='gallery-item'>\n\t\t\t<div class='gallery-icon portrait'>\n\t\t\t\t<a href='https:\/\/grafen.com\/wp-content\/uploads\/2021\/12\/IO_gallery_2-275x300-1.jpg'><img loading=\"lazy\" decoding=\"async\" width=\"275\" height=\"300\" src=\"https:\/\/grafen.com\/wp-content\/uploads\/2021\/12\/IO_gallery_2-275x300-1.jpg\" class=\"attachment-medium size-medium\" alt=\"\" \/><\/a>\n\t\t\t<\/div><\/figure><figure class='gallery-item'>\n\t\t\t<div class='gallery-icon portrait'>\n\t\t\t\t<a href='https:\/\/grafen.com\/wp-content\/uploads\/2021\/12\/IO_gallery_03.jpg'><img loading=\"lazy\" decoding=\"async\" width=\"275\" height=\"300\" src=\"https:\/\/grafen.com\/wp-content\/uploads\/2021\/12\/IO_gallery_03-275x300.jpg\" class=\"attachment-medium size-medium\" alt=\"\" srcset=\"https:\/\/grafen.com\/wp-content\/uploads\/2021\/12\/IO_gallery_03-275x300.jpg 275w, https:\/\/grafen.com\/wp-content\/uploads\/2021\/12\/IO_gallery_03-939x1024.jpg 939w, https:\/\/grafen.com\/wp-content\/uploads\/2021\/12\/IO_gallery_03-768x838.jpg 768w, https:\/\/grafen.com\/wp-content\/uploads\/2021\/12\/IO_gallery_03.jpg 1100w\" sizes=\"auto, (max-width: 275px) 100vw, 275px\" \/><\/a>\n\t\t\t<\/div><\/figure><figure class='gallery-item'>\n\t\t\t<div class='gallery-icon portrait'>\n\t\t\t\t<a href='https:\/\/grafen.com\/wp-content\/uploads\/2021\/12\/IO_gallery_04.jpg'><img loading=\"lazy\" decoding=\"async\" width=\"275\" height=\"300\" src=\"https:\/\/grafen.com\/wp-content\/uploads\/2021\/12\/IO_gallery_04-275x300.jpg\" class=\"attachment-medium size-medium\" alt=\"\" srcset=\"https:\/\/grafen.com\/wp-content\/uploads\/2021\/12\/IO_gallery_04-275x300.jpg 275w, https:\/\/grafen.com\/wp-content\/uploads\/2021\/12\/IO_gallery_04-939x1024.jpg 939w, https:\/\/grafen.com\/wp-content\/uploads\/2021\/12\/IO_gallery_04-768x838.jpg 768w, https:\/\/grafen.com\/wp-content\/uploads\/2021\/12\/IO_gallery_04.jpg 1100w\" sizes=\"auto, (max-width: 275px) 100vw, 275px\" \/><\/a>\n\t\t\t<\/div><\/figure><figure class='gallery-item'>\n\t\t\t<div class='gallery-icon portrait'>\n\t\t\t\t<a href='https:\/\/grafen.com\/wp-content\/uploads\/2021\/12\/IO_gallery_08.jpg'><img loading=\"lazy\" decoding=\"async\" width=\"275\" height=\"300\" src=\"https:\/\/grafen.com\/wp-content\/uploads\/2021\/12\/IO_gallery_08-275x300.jpg\" class=\"attachment-medium size-medium\" alt=\"\" srcset=\"https:\/\/grafen.com\/wp-content\/uploads\/2021\/12\/IO_gallery_08-275x300.jpg 275w, https:\/\/grafen.com\/wp-content\/uploads\/2021\/12\/IO_gallery_08-939x1024.jpg 939w, https:\/\/grafen.com\/wp-content\/uploads\/2021\/12\/IO_gallery_08-768x838.jpg 768w, https:\/\/grafen.com\/wp-content\/uploads\/2021\/12\/IO_gallery_08.jpg 1100w\" sizes=\"auto, (max-width: 275px) 100vw, 275px\" \/><\/a>\n\t\t\t<\/div><\/figure>\n\t\t<\/div>\n\n<div class=\"button-wrapper\"><a href=\"https:\/\/catalogue.hendi.eu\/hendi-ro\/catalogue-2023\/grafen-20232024\/?page=738\" class=\"button\" target=\"_blank\"> Vezi catalogul<\/a><\/div>                    <\/div>\n\n                                    <\/div>\n                            <div class=\"single-tab target-element \">\n                    <div>\n                        <p>&nbsp;<\/p>\n<p>Aparatele de cafea espresso din colec\u021bia WEGA Experience Collection reflect\u0103 cei 30 de ani de experien\u021b\u0103 ai WEGA \u00een solu\u021bii fiabile \u0219i precise. Ma\u0219ini de espresso profesionale cu un design unic. Acestea se disting printr-un sistem unic de iluminare a butoanelor \u0219i un design modern care combin\u0103 formele aerodinamice \u0219i futuriste. Iluminarea LED a panoului lateral face ca aparatul s\u0103 atrag\u0103 privirile \u0219i s\u0103 fie un element important de design.<\/p>\n<div id='gallery-2' class='gallery galleryid-6159 gallery-columns-3 gallery-size-medium'><figure class='gallery-item'>\n\t\t\t<div class='gallery-icon landscape'>\n\t\t\t\t<a href='https:\/\/grafen.com\/wp-content\/uploads\/2021\/12\/Polaris_slide5.jpg'><img loading=\"lazy\" decoding=\"async\" width=\"300\" height=\"225\" src=\"https:\/\/grafen.com\/wp-content\/uploads\/2021\/12\/Polaris_slide5-300x225.jpg\" class=\"attachment-medium size-medium\" alt=\"\" srcset=\"https:\/\/grafen.com\/wp-content\/uploads\/2021\/12\/Polaris_slide5-300x225.jpg 300w, https:\/\/grafen.com\/wp-content\/uploads\/2021\/12\/Polaris_slide5-768x576.jpg 768w, https:\/\/grafen.com\/wp-content\/uploads\/2021\/12\/Polaris_slide5.jpg 1000w\" sizes=\"auto, (max-width: 300px) 100vw, 300px\" \/><\/a>\n\t\t\t<\/div><\/figure><figure class='gallery-item'>\n\t\t\t<div class='gallery-icon landscape'>\n\t\t\t\t<a href='https:\/\/grafen.com\/wp-content\/uploads\/2021\/12\/Polaris_slide7.jpg'><img loading=\"lazy\" decoding=\"async\" width=\"300\" height=\"225\" src=\"https:\/\/grafen.com\/wp-content\/uploads\/2021\/12\/Polaris_slide7-300x225.jpg\" class=\"attachment-medium size-medium\" alt=\"\" srcset=\"https:\/\/grafen.com\/wp-content\/uploads\/2021\/12\/Polaris_slide7-300x225.jpg 300w, https:\/\/grafen.com\/wp-content\/uploads\/2021\/12\/Polaris_slide7-768x576.jpg 768w, https:\/\/grafen.com\/wp-content\/uploads\/2021\/12\/Polaris_slide7.jpg 1000w\" sizes=\"auto, (max-width: 300px) 100vw, 300px\" \/><\/a>\n\t\t\t<\/div><\/figure><figure class='gallery-item'>\n\t\t\t<div class='gallery-icon landscape'>\n\t\t\t\t<a href='https:\/\/grafen.com\/wp-content\/uploads\/2021\/12\/polaris-2-600x529-2.png'><img loading=\"lazy\" decoding=\"async\" width=\"300\" height=\"265\" src=\"https:\/\/grafen.com\/wp-content\/uploads\/2021\/12\/polaris-2-600x529-2-300x265.png\" class=\"attachment-medium size-medium\" alt=\"\" srcset=\"https:\/\/grafen.com\/wp-content\/uploads\/2021\/12\/polaris-2-600x529-2-300x265.png 300w, https:\/\/grafen.com\/wp-content\/uploads\/2021\/12\/polaris-2-600x529-2.png 600w\" sizes=\"auto, (max-width: 300px) 100vw, 300px\" \/><\/a>\n\t\t\t<\/div><\/figure>\n\t\t<\/div>\n\n<div class=\"button-wrapper\"><a href=\"https:\/\/catalogue.hendi.eu\/hendi-ro\/catalogue-2023\/grafen-20232024\/?page=728\" class=\"button\" target=\"_blank\"> Vezi catalogul<\/a><\/div>                    <\/div>\n\n                                    <\/div>\n                            <div class=\"single-tab target-element \">\n                    <div>\n                        <p>&nbsp;<\/p>\n<p>Colec\u021bia Vega Heritage \u00eentruchipeaz\u0103 stilul retro \u00eendr\u0103git de iubitorii de cafea. Combina\u021bia de lemn \u0219i o\u021bel inoxidabil adaug\u0103 o not\u0103 clasic\u0103 formelor exclusiviste. O ma\u0219in\u0103 de espresso profesional\u0103 \u00eentr-o carcas\u0103 clasic\u0103. Vela Vintage este conceput pentru adev\u0103ra\u021bii cunosc\u0103tori de cafea. Aparatul de cafea espresso Vela Vintage produce un espresso cu o arom\u0103 \u0219i un gust profund. Numai aspectul aparatului de cafea espresso \u0219i designul s\u0103u confer\u0103 aparatului de cafea un stil unic. Datorit\u0103 sistemului de \u00eenc\u0103lzire pe gaz instalat, acest espressor poate func\u021biona f\u0103r\u0103 electricitate \u0219i poate fi utilizat \u00een cafenele mobile sau ca parte a unui camion de alimente.<\/p>\n<div id='gallery-3' class='gallery galleryid-6159 gallery-columns-4 gallery-size-medium'><figure class='gallery-item'>\n\t\t\t<div class='gallery-icon portrait'>\n\t\t\t\t<a href='https:\/\/grafen.com\/wp-content\/uploads\/2021\/12\/Vela-10-carousell.jpg'><img loading=\"lazy\" decoding=\"async\" width=\"185\" height=\"300\" src=\"https:\/\/grafen.com\/wp-content\/uploads\/2021\/12\/Vela-10-carousell-185x300.jpg\" class=\"attachment-medium size-medium\" alt=\"\" srcset=\"https:\/\/grafen.com\/wp-content\/uploads\/2021\/12\/Vela-10-carousell-185x300.jpg 185w, https:\/\/grafen.com\/wp-content\/uploads\/2021\/12\/Vela-10-carousell-630x1024.jpg 630w, https:\/\/grafen.com\/wp-content\/uploads\/2021\/12\/Vela-10-carousell-768x1248.jpg 768w, https:\/\/grafen.com\/wp-content\/uploads\/2021\/12\/Vela-10-carousell.jpg 800w\" sizes=\"auto, (max-width: 185px) 100vw, 185px\" \/><\/a>\n\t\t\t<\/div><\/figure><figure class='gallery-item'>\n\t\t\t<div class='gallery-icon portrait'>\n\t\t\t\t<a href='https:\/\/grafen.com\/wp-content\/uploads\/2021\/12\/Vela-11-carousell.jpg'><img loading=\"lazy\" decoding=\"async\" width=\"185\" height=\"300\" src=\"https:\/\/grafen.com\/wp-content\/uploads\/2021\/12\/Vela-11-carousell-185x300.jpg\" class=\"attachment-medium size-medium\" alt=\"\" srcset=\"https:\/\/grafen.com\/wp-content\/uploads\/2021\/12\/Vela-11-carousell-185x300.jpg 185w, https:\/\/grafen.com\/wp-content\/uploads\/2021\/12\/Vela-11-carousell-630x1024.jpg 630w, https:\/\/grafen.com\/wp-content\/uploads\/2021\/12\/Vela-11-carousell-768x1248.jpg 768w, https:\/\/grafen.com\/wp-content\/uploads\/2021\/12\/Vela-11-carousell.jpg 800w\" sizes=\"auto, (max-width: 185px) 100vw, 185px\" \/><\/a>\n\t\t\t<\/div><\/figure><figure class='gallery-item'>\n\t\t\t<div class='gallery-icon portrait'>\n\t\t\t\t<a href='https:\/\/grafen.com\/wp-content\/uploads\/2021\/12\/Vela-12-carousell.jpg'><img loading=\"lazy\" decoding=\"async\" width=\"185\" height=\"300\" src=\"https:\/\/grafen.com\/wp-content\/uploads\/2021\/12\/Vela-12-carousell-185x300.jpg\" class=\"attachment-medium size-medium\" alt=\"\" srcset=\"https:\/\/grafen.com\/wp-content\/uploads\/2021\/12\/Vela-12-carousell-185x300.jpg 185w, https:\/\/grafen.com\/wp-content\/uploads\/2021\/12\/Vela-12-carousell-630x1024.jpg 630w, https:\/\/grafen.com\/wp-content\/uploads\/2021\/12\/Vela-12-carousell-768x1248.jpg 768w, https:\/\/grafen.com\/wp-content\/uploads\/2021\/12\/Vela-12-carousell.jpg 800w\" sizes=\"auto, (max-width: 185px) 100vw, 185px\" \/><\/a>\n\t\t\t<\/div><\/figure>\n\t\t<\/div>\n\n<div class=\"button-wrapper\"><a href=\"https:\/\/catalogue.hendi.eu\/hendi-ro\/catalogue-2023\/grafen-20232024\/?page=744\" class=\"button\" target=\"_blank\"> Vezi catalogul<\/a><\/div>                    <\/div>\n\n                                    <\/div>\n                            <div class=\"single-tab target-element \">\n                    <div>\n                        <p>Colec\u021bia Wega Energy Collection include aparate cu un sistem inovator de economisire a energiei. Este una dintre cele mai avansate din punct de vedere tehnologic ma\u0219ini de cafea de pe pia\u021b\u0103. Cu un design elegant \u0219i o tehnologie de ultim\u0103 genera\u021bie, acest aparat este conceput pentru barista sofistica\u021bi care doresc s\u0103 serveasc\u0103 cafea cu o arom\u0103 \u0219i un gust unic. Datorit\u0103 tehnologiei utilizate \u00een My Concept, a fost men\u021binut echilibrul ideal \u00eentre set\u0103rile avansate \u0219i u\u0219urin\u021ba de utilizare. Fiecare dintre grupurile din aparatul de cafea este echipat cu un panou de control cu ecran tactil, permi\u021b\u00e2nd utilizatorului s\u0103 le configureze individual \u00een func\u021bie de preferin\u021bele sale \u0219i de tipul de cafea. Tehnologia Multiboiler reduce semnificativ costurile de func\u021bionare a aparatului, asigur\u00e2nd \u00een acela\u0219i timp calitatea cafelei preparate la cel mai \u00eenalt nivel.<\/p>\n<div class=\"button-wrapper\"><a href=\"https:\/\/catalogue.hendi.eu\/hendi-ro\/catalogue-2023\/grafen-20232024\/?page=746\" class=\"button\" target=\"_blank\"> Vezi catalogul<\/a><\/div>                    <\/div>\n\n                                            <figure><img decoding=\"async\" src=\"https:\/\/grafen.com\/wp-content\/uploads\/2022\/10\/EVD2WMYCO_Grafen2020-scaled-1-1024x890.jpg\" alt=\"\"><\/figure>\n                                    <\/div>\n                            <div class=\"single-tab target-element \">\n                    <div>\n                        <p>Espressor profesional fabricat din materiale de \u00eenalt\u0103 calitate. Permite programarea a p\u00e2n\u0103 la 4 cafele pentru fiecare dintre cele dou\u0103 grupuri \u00eentr-un sistem volumetric.<\/p>\n<div class=\"button-wrapper\"><a href=\"https:\/\/catalogue.hendi.eu\/hendi-ro\/catalogue-2023\/grafen-20232024\/?page=740\" class=\"button\" target=\"_blank\"> Vezi catalogul<\/a><\/div>                    <\/div>\n\n                                            <figure><img decoding=\"async\" src=\"https:\/\/grafen.com\/wp-content\/uploads\/2022\/10\/EVD2PG_2_Grafen2020-1-scaled-1-1024x768.jpg\" alt=\"\"><\/figure>\n                                    <\/div>\n            \n        <\/div>\n    <\/div>\n<\/section>\n\n\n\n\n    <section class=\"block-section-header section-bg-color-white\">\n        <div class=\"wrapper\">\n                            <div class=\"logo\"><img decoding=\"async\" src=\"https:\/\/grafen.com\/wp-content\/uploads\/2021\/12\/Fiorenzatio-logo-male.jpg\" alt=\"Logo sekcji\"><\/div>\n            \n            <div class=\"content\">\n                <div class=\"left\"><h2><p><strong>Pasiune pentru cafea cultivat\u0103 de peste 80 de ani<\/strong><\/p>\n<\/h2><\/div>\n                <div class=\"right\"><p>Fiorenzato este o marc\u0103 de r\u00e2\u0219ni\u021be de cafea care se afl\u0103 pe pia\u021b\u0103 din 1936. Datorit\u0103 pasiunii \u0219i angajamentului, brandul se dezvolt\u0103 de peste 80 de ani, oferind produse de cea mai \u00eenalt\u0103 calitate. Acestea combin\u0103 tradi\u021bia cu tehnologia modern\u0103.<\/p>\n<\/div>\n            <\/div>\n        <\/div>\n    <\/section>\n\n\n\n\n<section class=\"block-checker section-bg-color-white\">\n    <div class=\"wrapper\">\n        <div class=\"wrapper-narrow\">\n                            <div class=\"row\">\n                    <figure>\n                        <img decoding=\"async\" src=\"https:\/\/grafen.com\/wp-content\/uploads\/2022\/10\/F4E-nano_3_Grafen2020-scaled-1-718x1024.jpg\" alt=\"\">\n                    <\/figure>\n                    <div>\n                        <p>Secretul unei cafele savuroase consta in boabe de cea mai buna calitate si, in etapa urmatoare, in macinare. Pentru a se asigura ca o cafea pregatita pentru preparare indeplineste cerintele ridicate ale clientilor, este esentiala o rasnita de cafea profesionala de calitate superioara. Aceste cerinte sunt exact cele pe care Fiorenzato le indeplineste.<\/p>\n<div class=\"button-wrapper\"><a href=\"https:\/\/catalogue.hendi.eu\/hendi-ro\/catalogue-2023\/grafen-20232024\/?page=748\" class=\"button\" target=\"_blank\"> Vezi catalogul<\/a><\/div>                    <\/div>\n                <\/div>\n                            <div class=\"row\">\n                    <figure>\n                        <img decoding=\"async\" src=\"https:\/\/grafen.com\/wp-content\/uploads\/2022\/10\/F4E-nano_4_Grafen2020-scaled-1-1024x766.jpg\" alt=\"\">\n                    <\/figure>\n                    <div>\n                        <p>Oferim linia Fiorenzato de r\u00e2\u0219ni\u021be de cafea care sunt dotate cu un ecran tactil LCD color, u\u0219or de citit \u0219i foarte intuitiv.<\/p>\n                    <\/div>\n                <\/div>\n                            <div class=\"row\">\n                    <figure>\n                        <img decoding=\"async\" src=\"https:\/\/grafen.com\/wp-content\/uploads\/2022\/10\/F4E-nano_Grafen2020-scaled-1-787x1024.jpg\" alt=\"\">\n                    <\/figure>\n                    <div>\n                        <h2><strong>Ecran tactil LCD cu afisaj color:<\/strong><\/h2>\n<ul>\n<li>Faciliteaz\u0103 vizualizarea statisticilor privind consumul de cafea \u0219i verificarea st\u0103rii macinatoarelor.<\/li>\n<li>Macinarea este instantanee, iar dozarea este controlat\u0103 electronic, asigur\u00e2nd repetabilitatea gramajului de cafea utilizat.<\/li>\n<li>Dozele pot fi simple sau duble, reglabile independent<\/li>\n<li>Cu o camer\u0103 de m\u0103cinare care poate fi \u00eendepartat\u0103 rapid \u0219i u\u0219or pentru o cur\u0103\u021bare \u0219i \u00eentre\u021binere u\u0219oar\u0103<\/li>\n<\/ul>\n                    <\/div>\n                <\/div>\n                            <div class=\"row\">\n                    <figure>\n                        <img decoding=\"async\" src=\"https:\/\/grafen.com\/wp-content\/uploads\/2021\/12\/F5GA_zoom1_Grafen2020.jpg\" alt=\"\">\n                    <\/figure>\n                    <div>\n                        <p>Oferim dou\u0103 modele diferite, pentru a satisface nevoile utilizatorilor.<\/p>\n                    <\/div>\n                <\/div>\n                    <\/div>\n    <\/div>\n<\/section>\n\n","protected":false},"excerpt":{"rendered":"","protected":false},"author":1,"featured_media":5840,"parent":6030,"menu_order":10,"comment_status":"closed","ping_status":"closed","template":"page-templates\/products.php","meta":{"_acf_changed":false,"inline_featured_image":false,"footnotes":""},"class_list":["post-6159","page","type-page","status-publish","has-post-thumbnail","hentry"],"acf":[],"yoast_head":"<!-- This site is optimized with the Yoast SEO plugin v27.5 - https:\/\/yoast.com\/product\/yoast-seo-wordpress\/ -->\n<title>Ma\u0219ini de cafea profesionale pentru profesioni\u0219ti - GRAFEN<\/title>\n<meta name=\"description\" content=\"Baz\u00e2ndu-ne pe mul\u021bi ani de experien\u021b\u0103, ne str\u0103duim s\u0103 combin\u0103m u\u0219urin\u021ba de utilizare cu eficien\u021ba ridicat\u0103 \u0219i designul interesant \u00een dispozitivele noastre.\" \/>\n<meta name=\"robots\" content=\"index, follow, max-snippet:-1, max-image-preview:large, max-video-preview:-1\" \/>\n<link rel=\"canonical\" href=\"https:\/\/grafen.com\/ro\/produse\/aparate-pentru-cafea\/\" \/>\n<meta property=\"og:locale\" content=\"ro_RO\" \/>\n<meta property=\"og:type\" content=\"article\" \/>\n<meta property=\"og:title\" content=\"Ma\u0219ini de cafea profesionale pentru profesioni\u0219ti - GRAFEN\" \/>\n<meta property=\"og:description\" content=\"Baz\u00e2ndu-ne pe mul\u021bi ani de experien\u021b\u0103, ne str\u0103duim s\u0103 combin\u0103m u\u0219urin\u021ba de utilizare cu eficien\u021ba ridicat\u0103 \u0219i designul interesant \u00een dispozitivele noastre.\" \/>\n<meta property=\"og:url\" content=\"https:\/\/grafen.com\/ro\/produse\/aparate-pentru-cafea\/\" \/>\n<meta property=\"og:site_name\" content=\"GRAFEN - Profesjonalne wyposa\u017cenie restauracji\" \/>\n<meta property=\"article:publisher\" content=\"https:\/\/www.facebook.com\/grafenrestaurantequipment\" \/>\n<meta property=\"article:modified_time\" content=\"2023-12-08T05:45:39+00:00\" \/>\n<meta property=\"og:image\" content=\"https:\/\/grafen.com\/wp-content\/uploads\/2022\/01\/strona-glowna-Grafen.png\" \/>\n\t<meta property=\"og:image:width\" content=\"1537\" \/>\n\t<meta property=\"og:image:height\" content=\"837\" \/>\n\t<meta property=\"og:image:type\" content=\"image\/png\" \/>\n<meta name=\"twitter:card\" content=\"summary_large_image\" \/>\n<script type=\"application\/ld+json\" class=\"yoast-schema-graph\">{\"@context\":\"https:\\\/\\\/schema.org\",\"@graph\":[{\"@type\":\"WebPage\",\"@id\":\"https:\\\/\\\/grafen.com\\\/ro\\\/produse\\\/aparate-pentru-cafea\\\/\",\"url\":\"https:\\\/\\\/grafen.com\\\/ro\\\/produse\\\/aparate-pentru-cafea\\\/\",\"name\":\"Ma\u0219ini de cafea profesionale pentru profesioni\u0219ti - GRAFEN\",\"isPartOf\":{\"@id\":\"https:\\\/\\\/grafen.com\\\/#website\"},\"primaryImageOfPage\":{\"@id\":\"https:\\\/\\\/grafen.com\\\/ro\\\/produse\\\/aparate-pentru-cafea\\\/#primaryimage\"},\"image\":{\"@id\":\"https:\\\/\\\/grafen.com\\\/ro\\\/produse\\\/aparate-pentru-cafea\\\/#primaryimage\"},\"thumbnailUrl\":\"https:\\\/\\\/grafen.com\\\/wp-content\\\/uploads\\\/2021\\\/10\\\/product-card-ekspresy.svg\",\"datePublished\":\"2021-10-25T12:58:31+00:00\",\"dateModified\":\"2023-12-08T05:45:39+00:00\",\"description\":\"Baz\u00e2ndu-ne pe mul\u021bi ani de experien\u021b\u0103, ne str\u0103duim s\u0103 combin\u0103m u\u0219urin\u021ba de utilizare cu eficien\u021ba ridicat\u0103 \u0219i designul interesant \u00een dispozitivele noastre.\",\"breadcrumb\":{\"@id\":\"https:\\\/\\\/grafen.com\\\/ro\\\/produse\\\/aparate-pentru-cafea\\\/#breadcrumb\"},\"inLanguage\":\"ro-RO\",\"potentialAction\":[{\"@type\":\"ReadAction\",\"target\":[\"https:\\\/\\\/grafen.com\\\/ro\\\/produse\\\/aparate-pentru-cafea\\\/\"]}]},{\"@type\":\"ImageObject\",\"inLanguage\":\"ro-RO\",\"@id\":\"https:\\\/\\\/grafen.com\\\/ro\\\/produse\\\/aparate-pentru-cafea\\\/#primaryimage\",\"url\":\"https:\\\/\\\/grafen.com\\\/wp-content\\\/uploads\\\/2021\\\/10\\\/product-card-ekspresy.svg\",\"contentUrl\":\"https:\\\/\\\/grafen.com\\\/wp-content\\\/uploads\\\/2021\\\/10\\\/product-card-ekspresy.svg\",\"width\":41,\"height\":44},{\"@type\":\"BreadcrumbList\",\"@id\":\"https:\\\/\\\/grafen.com\\\/ro\\\/produse\\\/aparate-pentru-cafea\\\/#breadcrumb\",\"itemListElement\":[{\"@type\":\"ListItem\",\"position\":1,\"name\":\"Strona g\u0142\u00f3wna\",\"item\":\"https:\\\/\\\/grafen.com\\\/ro\\\/\"},{\"@type\":\"ListItem\",\"position\":2,\"name\":\"Produse\",\"item\":\"https:\\\/\\\/grafen.com\\\/ro\\\/produse\\\/\"},{\"@type\":\"ListItem\",\"position\":3,\"name\":\"Aparate de cafea\"}]},{\"@type\":\"WebSite\",\"@id\":\"https:\\\/\\\/grafen.com\\\/#website\",\"url\":\"https:\\\/\\\/grafen.com\\\/\",\"name\":\"GRAFEN - Profesjonalne wyposa\u017cenie restauracji\",\"description\":\"Profesjonalne urz\u0105dzenia gastronomiczne\",\"publisher\":{\"@id\":\"https:\\\/\\\/grafen.com\\\/#organization\"},\"potentialAction\":[{\"@type\":\"SearchAction\",\"target\":{\"@type\":\"EntryPoint\",\"urlTemplate\":\"https:\\\/\\\/grafen.com\\\/?s={search_term_string}\"},\"query-input\":{\"@type\":\"PropertyValueSpecification\",\"valueRequired\":true,\"valueName\":\"search_term_string\"}}],\"inLanguage\":\"ro-RO\"},{\"@type\":\"Organization\",\"@id\":\"https:\\\/\\\/grafen.com\\\/#organization\",\"name\":\"GRAFEN - Profesjonalne wyposa\u017cenie restauracji\",\"url\":\"https:\\\/\\\/grafen.com\\\/\",\"logo\":{\"@type\":\"ImageObject\",\"inLanguage\":\"ro-RO\",\"@id\":\"https:\\\/\\\/grafen.com\\\/#\\\/schema\\\/logo\\\/image\\\/\",\"url\":\"https:\\\/\\\/grafen.com\\\/wp-content\\\/uploads\\\/2023\\\/03\\\/grafen-sygnet.png\",\"contentUrl\":\"https:\\\/\\\/grafen.com\\\/wp-content\\\/uploads\\\/2023\\\/03\\\/grafen-sygnet.png\",\"width\":66,\"height\":66,\"caption\":\"GRAFEN - Profesjonalne wyposa\u017cenie restauracji\"},\"image\":{\"@id\":\"https:\\\/\\\/grafen.com\\\/#\\\/schema\\\/logo\\\/image\\\/\"},\"sameAs\":[\"https:\\\/\\\/www.facebook.com\\\/grafenrestaurantequipment\"]}]}<\/script>\n<!-- \/ Yoast SEO plugin. -->","yoast_head_json":{"title":"Ma\u0219ini de cafea profesionale pentru profesioni\u0219ti - GRAFEN","description":"Baz\u00e2ndu-ne pe mul\u021bi ani de experien\u021b\u0103, ne str\u0103duim s\u0103 combin\u0103m u\u0219urin\u021ba de utilizare cu eficien\u021ba ridicat\u0103 \u0219i designul interesant \u00een dispozitivele noastre.","robots":{"index":"index","follow":"follow","max-snippet":"max-snippet:-1","max-image-preview":"max-image-preview:large","max-video-preview":"max-video-preview:-1"},"canonical":"https:\/\/grafen.com\/ro\/produse\/aparate-pentru-cafea\/","og_locale":"ro_RO","og_type":"article","og_title":"Ma\u0219ini de cafea profesionale pentru profesioni\u0219ti - GRAFEN","og_description":"Baz\u00e2ndu-ne pe mul\u021bi ani de experien\u021b\u0103, ne str\u0103duim s\u0103 combin\u0103m u\u0219urin\u021ba de utilizare cu eficien\u021ba ridicat\u0103 \u0219i designul interesant \u00een dispozitivele noastre.","og_url":"https:\/\/grafen.com\/ro\/produse\/aparate-pentru-cafea\/","og_site_name":"GRAFEN - Profesjonalne wyposa\u017cenie restauracji","article_publisher":"https:\/\/www.facebook.com\/grafenrestaurantequipment","article_modified_time":"2023-12-08T05:45:39+00:00","og_image":[{"width":1537,"height":837,"url":"https:\/\/grafen.com\/wp-content\/uploads\/2022\/01\/strona-glowna-Grafen.png","type":"image\/png"}],"twitter_card":"summary_large_image","schema":{"@context":"https:\/\/schema.org","@graph":[{"@type":"WebPage","@id":"https:\/\/grafen.com\/ro\/produse\/aparate-pentru-cafea\/","url":"https:\/\/grafen.com\/ro\/produse\/aparate-pentru-cafea\/","name":"Ma\u0219ini de cafea profesionale pentru profesioni\u0219ti - GRAFEN","isPartOf":{"@id":"https:\/\/grafen.com\/#website"},"primaryImageOfPage":{"@id":"https:\/\/grafen.com\/ro\/produse\/aparate-pentru-cafea\/#primaryimage"},"image":{"@id":"https:\/\/grafen.com\/ro\/produse\/aparate-pentru-cafea\/#primaryimage"},"thumbnailUrl":"https:\/\/grafen.com\/wp-content\/uploads\/2021\/10\/product-card-ekspresy.svg","datePublished":"2021-10-25T12:58:31+00:00","dateModified":"2023-12-08T05:45:39+00:00","description":"Baz\u00e2ndu-ne pe mul\u021bi ani de experien\u021b\u0103, ne str\u0103duim s\u0103 combin\u0103m u\u0219urin\u021ba de utilizare cu eficien\u021ba ridicat\u0103 \u0219i designul interesant \u00een dispozitivele noastre.","breadcrumb":{"@id":"https:\/\/grafen.com\/ro\/produse\/aparate-pentru-cafea\/#breadcrumb"},"inLanguage":"ro-RO","potentialAction":[{"@type":"ReadAction","target":["https:\/\/grafen.com\/ro\/produse\/aparate-pentru-cafea\/"]}]},{"@type":"ImageObject","inLanguage":"ro-RO","@id":"https:\/\/grafen.com\/ro\/produse\/aparate-pentru-cafea\/#primaryimage","url":"https:\/\/grafen.com\/wp-content\/uploads\/2021\/10\/product-card-ekspresy.svg","contentUrl":"https:\/\/grafen.com\/wp-content\/uploads\/2021\/10\/product-card-ekspresy.svg","width":41,"height":44},{"@type":"BreadcrumbList","@id":"https:\/\/grafen.com\/ro\/produse\/aparate-pentru-cafea\/#breadcrumb","itemListElement":[{"@type":"ListItem","position":1,"name":"Strona g\u0142\u00f3wna","item":"https:\/\/grafen.com\/ro\/"},{"@type":"ListItem","position":2,"name":"Produse","item":"https:\/\/grafen.com\/ro\/produse\/"},{"@type":"ListItem","position":3,"name":"Aparate de cafea"}]},{"@type":"WebSite","@id":"https:\/\/grafen.com\/#website","url":"https:\/\/grafen.com\/","name":"GRAFEN - Profesjonalne wyposa\u017cenie restauracji","description":"Profesjonalne urz\u0105dzenia gastronomiczne","publisher":{"@id":"https:\/\/grafen.com\/#organization"},"potentialAction":[{"@type":"SearchAction","target":{"@type":"EntryPoint","urlTemplate":"https:\/\/grafen.com\/?s={search_term_string}"},"query-input":{"@type":"PropertyValueSpecification","valueRequired":true,"valueName":"search_term_string"}}],"inLanguage":"ro-RO"},{"@type":"Organization","@id":"https:\/\/grafen.com\/#organization","name":"GRAFEN - Profesjonalne wyposa\u017cenie restauracji","url":"https:\/\/grafen.com\/","logo":{"@type":"ImageObject","inLanguage":"ro-RO","@id":"https:\/\/grafen.com\/#\/schema\/logo\/image\/","url":"https:\/\/grafen.com\/wp-content\/uploads\/2023\/03\/grafen-sygnet.png","contentUrl":"https:\/\/grafen.com\/wp-content\/uploads\/2023\/03\/grafen-sygnet.png","width":66,"height":66,"caption":"GRAFEN - Profesjonalne wyposa\u017cenie restauracji"},"image":{"@id":"https:\/\/grafen.com\/#\/schema\/logo\/image\/"},"sameAs":["https:\/\/www.facebook.com\/grafenrestaurantequipment"]}]}},"_links":{"self":[{"href":"https:\/\/grafen.com\/ro\/wp-json\/wp\/v2\/pages\/6159","targetHints":{"allow":["GET"]}}],"collection":[{"href":"https:\/\/grafen.com\/ro\/wp-json\/wp\/v2\/pages"}],"about":[{"href":"https:\/\/grafen.com\/ro\/wp-json\/wp\/v2\/types\/page"}],"author":[{"embeddable":true,"href":"https:\/\/grafen.com\/ro\/wp-json\/wp\/v2\/users\/1"}],"replies":[{"embeddable":true,"href":"https:\/\/grafen.com\/ro\/wp-json\/wp\/v2\/comments?post=6159"}],"version-history":[{"count":17,"href":"https:\/\/grafen.com\/ro\/wp-json\/wp\/v2\/pages\/6159\/revisions"}],"predecessor-version":[{"id":9068,"href":"https:\/\/grafen.com\/ro\/wp-json\/wp\/v2\/pages\/6159\/revisions\/9068"}],"up":[{"embeddable":true,"href":"https:\/\/grafen.com\/ro\/wp-json\/wp\/v2\/pages\/6030"}],"wp:featuredmedia":[{"embeddable":true,"href":"https:\/\/grafen.com\/ro\/wp-json\/wp\/v2\/media\/5840"}],"wp:attachment":[{"href":"https:\/\/grafen.com\/ro\/wp-json\/wp\/v2\/media?parent=6159"}],"curies":[{"name":"wp","href":"https:\/\/api.w.org\/{rel}","templated":true}]}}